{"id":1051,"date":"2023-03-10T10:01:13","date_gmt":"2023-03-10T09:01:13","guid":{"rendered":"https:\/\/www.studioalfa.info\/contatti\/"},"modified":"2024-09-17T11:56:39","modified_gmt":"2024-09-17T09:56:39","slug":"kontakt","status":"publish","type":"page","link":"https:\/\/www.studioalfa.info\/de\/kontakt\/","title":{"rendered":"Kontakt"},"content":{"rendered":"<p>[et_pb_section fb_built=&#8220;1&#8243; _builder_version=&#8220;4.20.2&#8243; _module_preset=&#8220;default&#8220; global_colors_info=&#8220;{}&#8220;][et_pb_row column_structure=&#8220;1_3,1_3,1_3&#8243; use_custom_gutter=&#8220;on&#8220; gutter_width=&#8220;1&#8243; _builder_version=&#8220;4.25.2&#8243; _module_preset=&#8220;default&#8220; max_width=&#8220;100%&#8220; hover_enabled=&#8220;0&#8243; locked=&#8220;off&#8220; global_colors_info=&#8220;{}&#8220; sticky_enabled=&#8220;0&#8243;][et_pb_column type=&#8220;1_3&#8243; _builder_version=&#8220;4.25.2&#8243; _module_preset=&#8220;default&#8220; hover_enabled=&#8220;0&#8243; global_colors_info=&#8220;{}&#8220; sticky_enabled=&#8220;0&#8243;][et_pb_blurb title=&#8220;Wo finden Sie uns&#8220; use_icon=&#8220;on&#8220; font_icon=&#8220;&#xe081;||divi||400&#8243; icon_color=&#8220;#FFFFFF&#8220; image_icon_background_color=&#8220;#d01e2a&#8220; image_icon_width=&#8220;55px&#8220; _builder_version=&#8220;4.25.2&#8243; _module_preset=&#8220;default&#8220; header_font=&#8220;Montserrat|700|||||||&#8220; header_text_align=&#8220;center&#8220; header_text_color=&#8220;#363636&#8243; header_font_size=&#8220;25px&#8220; body_font=&#8220;Lato||||||||&#8220; body_text_align=&#8220;center&#8220; body_text_color=&#8220;#171717&#8243; body_font_size=&#8220;18px&#8220; image_icon_custom_padding=&#8220;15px|15px|15px|15px|true|true&#8220; custom_margin_tablet=&#8220;&#8220; custom_margin_phone=&#8220;&#8220; custom_margin_last_edited=&#8220;on|tablet&#8220; custom_padding_tablet=&#8220;||15px||false|false&#8220; custom_padding_phone=&#8220;||15px||false|false&#8220; custom_padding_last_edited=&#8220;on|tablet&#8220; hover_enabled=&#8220;0&#8243; border_color_right=&#8220;RGBA(255,255,255,0)&#8220; border_radii_image=&#8220;on|100px|100px|100px|100px&#8220; global_colors_info=&#8220;{}&#8220; sticky_enabled=&#8220;0&#8243;]<\/p>\n<p>Horazstr. 61, 39100 Bozen<\/p>\n<p>[\/et_pb_blurb][\/et_pb_column][et_pb_column type=&#8220;1_3&#8243; _builder_version=&#8220;4.20.2&#8243; _module_preset=&#8220;default&#8220; global_colors_info=&#8220;{}&#8220;][et_pb_blurb title=&#8220;Telefon&#8220; use_icon=&#8220;on&#8220; font_icon=&#8220;&#xe090;||divi||400&#8243; icon_color=&#8220;#FFFFFF&#8220; image_icon_background_color=&#8220;#d01e2a&#8220; image_icon_width=&#8220;55px&#8220; _builder_version=&#8220;4.20.2&#8243; _module_preset=&#8220;default&#8220; header_font=&#8220;Montserrat|700|||||||&#8220; header_text_align=&#8220;center&#8220; header_text_color=&#8220;#363636&#8243; header_font_size=&#8220;25px&#8220; body_font=&#8220;Lato||||||||&#8220; body_text_align=&#8220;center&#8220; body_text_color=&#8220;#171717&#8243; body_font_size=&#8220;18px&#8220; image_icon_custom_padding=&#8220;15px|15px|15px|15px|true|true&#8220; custom_margin_tablet=&#8220;&#8220; custom_margin_phone=&#8220;&#8220; custom_margin_last_edited=&#8220;on|tablet&#8220; custom_padding=&#8220;||||false|false&#8220; custom_padding_tablet=&#8220;15px||15px||true|false&#8220; custom_padding_phone=&#8220;15px||15px||true|false&#8220; custom_padding_last_edited=&#8220;on|tablet&#8220; link_option_url=&#8220;tel:+390471285111&#8243; border_color_top=&#8220;#cfcfcf&#8220; border_width_right=&#8220;1px&#8220; border_color_right=&#8220;#cfcfcf&#8220; border_color_bottom=&#8220;#cfcfcf&#8220; border_width_left=&#8220;1px&#8220; border_color_left=&#8220;#cfcfcf&#8220; border_width_top_tablet=&#8220;1px&#8220; border_width_top_phone=&#8220;1px&#8220; border_width_top_last_edited=&#8220;on|tablet&#8220; border_width_right_tablet=&#8220;0px&#8220; border_width_right_phone=&#8220;0px&#8220; border_width_right_last_edited=&#8220;on|tablet&#8220; border_width_bottom_tablet=&#8220;1px&#8220; border_width_bottom_phone=&#8220;1px&#8220; border_width_bottom_last_edited=&#8220;on|tablet&#8220; border_width_left_tablet=&#8220;0px&#8220; border_width_left_phone=&#8220;0px&#8220; border_width_left_last_edited=&#8220;on|tablet&#8220; border_radii_image=&#8220;on|100px|100px|100px|100px&#8220; locked=&#8220;off&#8220; global_colors_info=&#8220;{}&#8220;]<\/p>\n<p><span style=\"text-decoration: underline;\">+39 0471285111<\/span><\/p>\n<p>[\/et_pb_blurb][\/et_pb_column][et_pb_column type=&#8220;1_3&#8243; _builder_version=&#8220;4.20.2&#8243; _module_preset=&#8220;default&#8220; global_colors_info=&#8220;{}&#8220;][et_pb_blurb title=&#8220;Email&#8220; use_icon=&#8220;on&#8220; font_icon=&#8220;&#xf0e0;||fa||900&#8243; icon_color=&#8220;#FFFFFF&#8220; image_icon_background_color=&#8220;#d01e2a&#8220; image_icon_width=&#8220;55px&#8220; _builder_version=&#8220;4.20.2&#8243; _module_preset=&#8220;default&#8220; header_font=&#8220;Montserrat|700|||||||&#8220; header_text_align=&#8220;center&#8220; header_text_color=&#8220;#363636&#8243; header_font_size=&#8220;25px&#8220; body_font=&#8220;Lato||||||||&#8220; body_text_align=&#8220;center&#8220; body_text_color=&#8220;#171717&#8243; body_font_size=&#8220;18px&#8220; image_icon_custom_padding=&#8220;15px|15px|15px|15px|true|true&#8220; custom_padding_tablet=&#8220;15px||||false|false&#8220; custom_padding_phone=&#8220;15px||||false|false&#8220; custom_padding_last_edited=&#8220;on|tablet&#8220; link_option_url=&#8220;mailto:info@studioalfa.info&#8220; border_radii_image=&#8220;on|100px|100px|100px|100px&#8220; locked=&#8220;off&#8220; global_colors_info=&#8220;{}&#8220;]<\/p>\n<p><span style=\"text-decoration: underline;\">info@studioalfa.info<\/span><\/p>\n<p>[\/et_pb_blurb][\/et_pb_column][\/et_pb_row][et_pb_row _builder_version=&#8220;4.20.2&#8243; _module_preset=&#8220;default&#8220; max_width=&#8220;100%&#8220; global_colors_info=&#8220;{}&#8220;][et_pb_column type=&#8220;4_4&#8243; _builder_version=&#8220;4.20.2&#8243; _module_preset=&#8220;default&#8220; global_colors_info=&#8220;{}&#8220;][dsm_contact_form_7 cf7_library=&#8220;1068&#8243; _builder_version=&#8220;4.20.2&#8243; _module_preset=&#8220;default&#8220; custom_button_one=&#8220;on&#8220; button_one_text_size=&#8220;14px&#8220; button_one_text_color=&#8220;#FFFFFF&#8220; button_one_bg_color=&#8220;#d01e2a&#8220; button_one_border_color=&#8220;#d01e2a&#8220; button_one_border_radius=&#8220;0px&#8220; button_one_font=&#8220;Montserrat||||||||&#8220; global_colors_info=&#8220;{}&#8220;][\/dsm_contact_form_7][\/et_pb_column][\/et_pb_row][\/et_pb_section][et_pb_section fb_built=&#8220;1&#8243; fullwidth=&#8220;on&#8220; _builder_version=&#8220;4.20.2&#8243; _module_preset=&#8220;default&#8220; global_colors_info=&#8220;{}&#8220;][et_pb_fullwidth_code _builder_version=&#8220;4.20.2&#8243; _module_preset=&#8220;default&#8220; global_colors_info=&#8220;{}&#8220;][\/et_pb_fullwidth_code][\/et_pb_section]<\/p>\n","protected":false},"excerpt":{"rendered":"<p>Horazstr. 61, 39100 Bozen+39 0471285111info@studioalfa.info<div class=\"et_pb_module dsm_contact_form_7 dsm_contact_form_7_0\">\n\t\t\t\t\n\t\t\t\t\n\t\t\t\t\n\t\t\t\t\n\t\t\t\t\n\t\t\t\t\n\t\t\t\t<div class=\"et_pb_module_inner\">\n\t\t\t\t\t<div class=\"\">\n\t\t\t\t\n<div class=\"wpcf7 no-js\" id=\"wpcf7-f1068-o1\" lang=\"de-DE\" dir=\"ltr\" data-wpcf7-id=\"1068\">\n<div class=\"screen-reader-response\"><p role=\"status\" aria-live=\"polite\" aria-atomic=\"true\"><\/p> <ul><\/ul><\/div>\n<form action=\"\/de\/wp-json\/wp\/v2\/pages\/1051#wpcf7-f1068-o1\" method=\"post\" class=\"wpcf7-form init\" aria-label=\"Kontaktformular\" novalidate=\"novalidate\" data-status=\"init\">\n<fieldset class=\"hidden-fields-container\"><input type=\"hidden\" name=\"_wpcf7\" value=\"1068\" \/><input type=\"hidden\" name=\"_wpcf7_version\" value=\"6.1.2\" \/><input type=\"hidden\" name=\"_wpcf7_locale\" value=\"de_DE\" \/><input type=\"hidden\" name=\"_wpcf7_unit_tag\" value=\"wpcf7-f1068-o1\" \/><input type=\"hidden\" name=\"_wpcf7_container_post\" value=\"0\" \/><input type=\"hidden\" name=\"_wpcf7_posted_data_hash\" value=\"\" \/>\n<\/fieldset>\n<div class=\"riga-flex\">\n\t<p><span class=\"wpcf7-form-control-wrap\" data-name=\"your-name\"><input size=\"40\" maxlength=\"400\" class=\"wpcf7-form-control wpcf7-text wpcf7-validates-as-required\" aria-required=\"true\" aria-invalid=\"false\" placeholder=\"Name*\" value=\"\" type=\"text\" name=\"your-name\" \/><\/span>\n\t<\/p>\n\t<p><span class=\"wpcf7-form-control-wrap\" data-name=\"your-surname\"><input size=\"40\" maxlength=\"400\" class=\"wpcf7-form-control wpcf7-text wpcf7-validates-as-required\" aria-required=\"true\" aria-invalid=\"false\" placeholder=\"Nachname*\" value=\"\" type=\"text\" name=\"your-surname\" \/><\/span>\n\t<\/p>\n<\/div>\n<div class=\"riga-flex\">\n\t<p><span class=\"wpcf7-form-control-wrap\" data-name=\"your-phone\"><input size=\"40\" maxlength=\"400\" class=\"wpcf7-form-control wpcf7-tel wpcf7-validates-as-required wpcf7-text wpcf7-validates-as-tel\" aria-required=\"true\" aria-invalid=\"false\" placeholder=\"Telefon*\" value=\"\" type=\"tel\" name=\"your-phone\" \/><\/span>\n\t<\/p>\n\t<p><span class=\"wpcf7-form-control-wrap\" data-name=\"your-email\"><input size=\"40\" maxlength=\"400\" class=\"wpcf7-form-control wpcf7-email wpcf7-validates-as-required wpcf7-text wpcf7-validates-as-email\" aria-required=\"true\" aria-invalid=\"false\" placeholder=\"E-mail*\" value=\"\" type=\"email\" name=\"your-email\" \/><\/span>\n\t<\/p>\n<\/div>\n<p><span class=\"wpcf7-form-control-wrap\" data-name=\"your-message\"><textarea cols=\"40\" rows=\"10\" maxlength=\"2000\" class=\"wpcf7-form-control wpcf7-textarea\" aria-invalid=\"false\" placeholder=\"Nachricht\" name=\"your-message\"><\/textarea><\/span>\n<\/p>\n<div class=\"privacy\">\n\t<p>Der Unterzeichner informiert hiermit \u00fcber die Verwendung der personenbezogenen Daten, die Sie durch das Ausf\u00fcllen dieses Formulars zur Verf\u00fcgung stellen, in \u00dcbereinstimmung mit den Bestimmungen der Verordnung (EU) 2016\/679 zum Schutz nat\u00fcrlicher Personen bei der Verarbeitung personenbezogener Daten und zum freien Datenverkehr (auch bekannt als GDPR). Die Sie betreffenden Daten, die Sie freiwillig durch das Ausf\u00fcllen von Computerformularen zur Verf\u00fcgung stellen, werden ausschlie\u00dflich zu dem Zweck erhoben, den Kontakt mit dem Unternehmen zu erm\u00f6glichen und gegebenenfalls den mit Ihnen geschlossenen Vertrag zu erf\u00fcllen. Sie sind verpflichtet, uns die betreffenden Daten mitzuteilen; wenn Sie sich weigern, k\u00f6nnen wir Ihnen das angeforderte Produkt\/die angeforderte Dienstleistung nicht liefern (und Sie k\u00f6nnten wegen Vertragsbruchs haftbar gemacht werden) und auf jeden Fall Ihren Antrag nicht bearbeiten. Innerhalb unserer Struktur k\u00f6nnen nur die mit der Datenverarbeitung beauftragten Personen zu den oben genannten Zwecken Kenntnis von den Daten erhalten. Wir m\u00f6chten Sie auch darauf hinweisen, dass Sie durch eine spezielle Anfrage an den f\u00fcr die Datenverarbeitung Verantwortlichen alle in den Artikeln 15 bis 22 der oben genannten EU-Verordnung vorgesehenen Rechte aus\u00fcben k\u00f6nnen, die Ihnen insbesondere das Recht auf Zugang zu Ihren personenbezogenen Daten und auf eine Kopie dieser Daten (Art. 15 GDPR), auf Berichtigung (Art. 16 GDPR) und L\u00f6schung Ihrer personenbezogenen Daten (Art. 17 GDPR), auf Einschr\u00e4nkung der Verarbeitung Ihrer personenbezogenen Daten (Art. 18 GDPR), auf \u00dcbertragbarkeit Ihrer Daten (Art. 20 GDPR, wenn die Bedingungen erf\u00fcllt sind) und auf Widerspruch gegen die Verarbeitung Ihrer personenbezogenen Daten (Art. 21 und 22 GDPR, wenn die Bedingungen erf\u00fcllt sind) gew\u00e4hren. 18 GDPR), die \u00dcbertragbarkeit der Daten (Art. 20 GDPR, wenn die Bedingungen erf\u00fcllt sind) und das Recht, der Verarbeitung Ihrer Daten zu widersprechen (Art. 21 und 22 GDPR, f\u00fcr die dort genannten F\u00e4lle und insbesondere f\u00fcr die Verarbeitung zu Marketingzwecken oder die zu einer automatisierten Entscheidungsfindung, einschlie\u00dflich Profiling, f\u00fchrt, die rechtliche Auswirkungen auf Sie hat, wenn die Bedingungen erf\u00fcllt sind). Wir erinnern Sie auch an Ihr Recht, in F\u00e4llen, in denen die Verarbeitung auf einer Einwilligung beruht, diese Einwilligung jederzeit zu widerrufen, ohne dass die Rechtm\u00e4\u00dfigkeit der Verarbeitung aufgrund der vor dem Widerruf erteilten Einwilligung ber\u00fchrt wird; zu diesem Zweck k\u00f6nnen Sie sich jederzeit an den f\u00fcr die Verarbeitung Verantwortlichen unter den auf der Website ver\u00f6ffentlichten Kontaktdaten wenden.Wir informieren Sie auch \u00fcber Ihr Recht, eine Beschwerde bei der italienischen Datenschutzbeh\u00f6rde als in Italien t\u00e4tiger Kontrollinstanz einzureichen und einen gerichtlichen Rechtsbehelf sowohl gegen eine Entscheidung der Datenschutzbeh\u00f6rde als auch gegen den f\u00fcr die Datenverarbeitung Verantwortlichen selbst und\/oder einen Datenverarbeiter einzulegen.\n\t<\/p>\n<\/div>\n<p><span class=\"wpcf7-form-control-wrap\" data-name=\"checkbox-899\"><span class=\"wpcf7-form-control wpcf7-checkbox wpcf7-validates-as-required\"><span class=\"wpcf7-list-item first last\"><input type=\"checkbox\" name=\"checkbox-899[]\" value=\"*  Ich habe die Datenschutzbestimmungen gelesen und akzeptiere sie\" \/><span class=\"wpcf7-list-item-label\">*  Ich habe die Datenschutzbestimmungen gelesen und akzeptiere sie<\/span><\/span><\/span><\/span>\n<\/p>\n<p><button class=\"wpcf7-form-control wpcf7-submit has-spinner et_pb_button et_pb_bg_layout_light\" type=\"submit\" value=\"Senden\">Senden<\/button>\n<\/p><div class=\"wpcf7-response-output\" aria-hidden=\"true\"><\/div>\n<\/form>\n<\/div>\n\n\t\t\t<\/div>\n\t\t\t\t<\/div>\n\t\t\t<\/div><\/p>\n","protected":false},"author":1,"featured_media":0,"parent":0,"menu_order":0,"comment_status":"closed","ping_status":"closed","template":"","meta":{"_et_pb_use_builder":"on","_et_pb_old_content":"","_et_gb_content_width":"","_joinchat":[],"footnotes":""},"class_list":["post-1051","page","type-page","status-publish","hentry"],"yoast_head":"<!-- This site is optimized with the Yoast SEO plugin v24.5 - https:\/\/yoast.com\/wordpress\/plugins\/seo\/ -->\n<title>Kontakt - Studio Alfa<\/title>\n<meta name=\"robots\" content=\"index, follow, max-snippet:-1, max-image-preview:large, max-video-preview:-1\" \/>\n<link rel=\"canonical\" href=\"https:\/\/www.studioalfa.info\/de\/kontakt\/\" \/>\n<meta property=\"og:locale\" content=\"de_DE\" \/>\n<meta property=\"og:type\" content=\"article\" \/>\n<meta property=\"og:title\" content=\"Kontakt - Studio Alfa\" \/>\n<meta property=\"og:description\" content=\"Horazstr. 61, 39100 Bozen+39 0471285111info@studioalfa.info\" \/>\n<meta property=\"og:url\" content=\"https:\/\/www.studioalfa.info\/de\/kontakt\/\" \/>\n<meta property=\"og:site_name\" content=\"Studio Alfa\" \/>\n<meta property=\"article:publisher\" content=\"https:\/\/www.facebook.com\/people\/Studio-Alfa-Bolzano-Srl\/100063686647634\/\" \/>\n<meta property=\"article:modified_time\" content=\"2024-09-17T09:56:39+00:00\" \/>\n<meta name=\"twitter:card\" content=\"summary_large_image\" \/>\n<script type=\"application\/ld+json\" class=\"yoast-schema-graph\">{\"@context\":\"https:\/\/schema.org\",\"@graph\":[{\"@type\":\"WebPage\",\"@id\":\"https:\/\/www.studioalfa.info\/de\/kontakt\/\",\"url\":\"https:\/\/www.studioalfa.info\/de\/kontakt\/\",\"name\":\"Kontakt - Studio Alfa\",\"isPartOf\":{\"@id\":\"https:\/\/www.studioalfa.info\/de\/#website\"},\"datePublished\":\"2023-03-10T09:01:13+00:00\",\"dateModified\":\"2024-09-17T09:56:39+00:00\",\"breadcrumb\":{\"@id\":\"https:\/\/www.studioalfa.info\/de\/kontakt\/#breadcrumb\"},\"inLanguage\":\"de\",\"potentialAction\":[{\"@type\":\"ReadAction\",\"target\":[\"https:\/\/www.studioalfa.info\/de\/kontakt\/\"]}]},{\"@type\":\"BreadcrumbList\",\"@id\":\"https:\/\/www.studioalfa.info\/de\/kontakt\/#breadcrumb\",\"itemListElement\":[{\"@type\":\"ListItem\",\"position\":1,\"name\":\"Home\",\"item\":\"https:\/\/www.studioalfa.info\/de\/\"},{\"@type\":\"ListItem\",\"position\":2,\"name\":\"Kontakt\"}]},{\"@type\":\"WebSite\",\"@id\":\"https:\/\/www.studioalfa.info\/de\/#website\",\"url\":\"https:\/\/www.studioalfa.info\/de\/\",\"name\":\"STUDIO ALFA BOLZANO SRL\",\"description\":\"Agenzia immobiliare Bolzano\",\"publisher\":{\"@id\":\"https:\/\/www.studioalfa.info\/de\/#organization\"},\"potentialAction\":[{\"@type\":\"SearchAction\",\"target\":{\"@type\":\"EntryPoint\",\"urlTemplate\":\"https:\/\/www.studioalfa.info\/de\/?s={search_term_string}\"},\"query-input\":{\"@type\":\"PropertyValueSpecification\",\"valueRequired\":true,\"valueName\":\"search_term_string\"}}],\"inLanguage\":\"de\"},{\"@type\":\"Organization\",\"@id\":\"https:\/\/www.studioalfa.info\/de\/#organization\",\"name\":\"STUDIO ALFA BOLZANO SRL\",\"url\":\"https:\/\/www.studioalfa.info\/de\/\",\"logo\":{\"@type\":\"ImageObject\",\"inLanguage\":\"de\",\"@id\":\"https:\/\/www.studioalfa.info\/de\/#\/schema\/logo\/image\/\",\"url\":\"https:\/\/www.studioalfa.info\/wp-content\/uploads\/2023\/11\/logo_studio_alfa-1-removebg-preview-1.png\",\"contentUrl\":\"https:\/\/www.studioalfa.info\/wp-content\/uploads\/2023\/11\/logo_studio_alfa-1-removebg-preview-1.png\",\"width\":500,\"height\":500,\"caption\":\"STUDIO ALFA BOLZANO SRL\"},\"image\":{\"@id\":\"https:\/\/www.studioalfa.info\/de\/#\/schema\/logo\/image\/\"},\"sameAs\":[\"https:\/\/www.facebook.com\/people\/Studio-Alfa-Bolzano-Srl\/100063686647634\/\"]}]}<\/script>\n<!-- \/ Yoast SEO plugin. -->","yoast_head_json":{"title":"Kontakt - Studio Alfa","robots":{"index":"index","follow":"follow","max-snippet":"max-snippet:-1","max-image-preview":"max-image-preview:large","max-video-preview":"max-video-preview:-1"},"canonical":"https:\/\/www.studioalfa.info\/de\/kontakt\/","og_locale":"de_DE","og_type":"article","og_title":"Kontakt - Studio Alfa","og_description":"Horazstr. 61, 39100 Bozen+39 0471285111info@studioalfa.info","og_url":"https:\/\/www.studioalfa.info\/de\/kontakt\/","og_site_name":"Studio Alfa","article_publisher":"https:\/\/www.facebook.com\/people\/Studio-Alfa-Bolzano-Srl\/100063686647634\/","article_modified_time":"2024-09-17T09:56:39+00:00","twitter_card":"summary_large_image","schema":{"@context":"https:\/\/schema.org","@graph":[{"@type":"WebPage","@id":"https:\/\/www.studioalfa.info\/de\/kontakt\/","url":"https:\/\/www.studioalfa.info\/de\/kontakt\/","name":"Kontakt - Studio Alfa","isPartOf":{"@id":"https:\/\/www.studioalfa.info\/de\/#website"},"datePublished":"2023-03-10T09:01:13+00:00","dateModified":"2024-09-17T09:56:39+00:00","breadcrumb":{"@id":"https:\/\/www.studioalfa.info\/de\/kontakt\/#breadcrumb"},"inLanguage":"de","potentialAction":[{"@type":"ReadAction","target":["https:\/\/www.studioalfa.info\/de\/kontakt\/"]}]},{"@type":"BreadcrumbList","@id":"https:\/\/www.studioalfa.info\/de\/kontakt\/#breadcrumb","itemListElement":[{"@type":"ListItem","position":1,"name":"Home","item":"https:\/\/www.studioalfa.info\/de\/"},{"@type":"ListItem","position":2,"name":"Kontakt"}]},{"@type":"WebSite","@id":"https:\/\/www.studioalfa.info\/de\/#website","url":"https:\/\/www.studioalfa.info\/de\/","name":"STUDIO ALFA BOLZANO SRL","description":"Agenzia immobiliare Bolzano","publisher":{"@id":"https:\/\/www.studioalfa.info\/de\/#organization"},"potentialAction":[{"@type":"SearchAction","target":{"@type":"EntryPoint","urlTemplate":"https:\/\/www.studioalfa.info\/de\/?s={search_term_string}"},"query-input":{"@type":"PropertyValueSpecification","valueRequired":true,"valueName":"search_term_string"}}],"inLanguage":"de"},{"@type":"Organization","@id":"https:\/\/www.studioalfa.info\/de\/#organization","name":"STUDIO ALFA BOLZANO SRL","url":"https:\/\/www.studioalfa.info\/de\/","logo":{"@type":"ImageObject","inLanguage":"de","@id":"https:\/\/www.studioalfa.info\/de\/#\/schema\/logo\/image\/","url":"https:\/\/www.studioalfa.info\/wp-content\/uploads\/2023\/11\/logo_studio_alfa-1-removebg-preview-1.png","contentUrl":"https:\/\/www.studioalfa.info\/wp-content\/uploads\/2023\/11\/logo_studio_alfa-1-removebg-preview-1.png","width":500,"height":500,"caption":"STUDIO ALFA BOLZANO SRL"},"image":{"@id":"https:\/\/www.studioalfa.info\/de\/#\/schema\/logo\/image\/"},"sameAs":["https:\/\/www.facebook.com\/people\/Studio-Alfa-Bolzano-Srl\/100063686647634\/"]}]}},"_links":{"self":[{"href":"https:\/\/www.studioalfa.info\/de\/wp-json\/wp\/v2\/pages\/1051","targetHints":{"allow":["GET"]}}],"collection":[{"href":"https:\/\/www.studioalfa.info\/de\/wp-json\/wp\/v2\/pages"}],"about":[{"href":"https:\/\/www.studioalfa.info\/de\/wp-json\/wp\/v2\/types\/page"}],"author":[{"embeddable":true,"href":"https:\/\/www.studioalfa.info\/de\/wp-json\/wp\/v2\/users\/1"}],"replies":[{"embeddable":true,"href":"https:\/\/www.studioalfa.info\/de\/wp-json\/wp\/v2\/comments?post=1051"}],"version-history":[{"count":7,"href":"https:\/\/www.studioalfa.info\/de\/wp-json\/wp\/v2\/pages\/1051\/revisions"}],"predecessor-version":[{"id":5822,"href":"https:\/\/www.studioalfa.info\/de\/wp-json\/wp\/v2\/pages\/1051\/revisions\/5822"}],"wp:attachment":[{"href":"https:\/\/www.studioalfa.info\/de\/wp-json\/wp\/v2\/media?parent=1051"}],"curies":[{"name":"wp","href":"https:\/\/api.w.org\/{rel}","templated":true}]}}